{"id":5339,"date":"2016-04-26T19:33:19","date_gmt":"2016-04-26T18:33:19","guid":{"rendered":"http:\/\/marylineprouetconseil.com\/index.php\/formation-copy\/"},"modified":"2025-02-19T16:37:14","modified_gmt":"2025-02-19T15:37:14","slug":"bilan-de-competences","status":"publish","type":"page","link":"https:\/\/marylineprouetconseil.com\/index.php\/bilan-de-competences\/","title":{"rendered":"Bilan de comp\u00e9tences"},"content":{"rendered":"<!--themify_builder_content-->\n<div id=\"themify_builder_content-5339\" data-postid=\"5339\" class=\"themify_builder_content themify_builder_content-5339 themify_builder tf_clear\">\n    \t<!-- module_row -->\n\t<div  data-css_id=\"yf72204\" data-lazy=\"1\" class=\"module_row themify_builder_row fullcover fullwidth_row_container tb_yf72204 tb_first tf_clearfix\" >\n\t    <div class=\"tf_abs builder_row_cover\"><\/div>\t\t<div class=\"row_inner col_align_top tf_box tf_w tf_rel\">\n\t\t\t<div  data-lazy=\"1\" class=\"module_column tb-column col-full first tb_n5n0206 tf_box\">\n\t\t\t    \t        <div class=\"tb-column-inner tf_box tf_w\">\n\t\t    <!-- module text -->\n<div  class=\"module module-text tb_4bn9206   \" data-lazy=\"1\">\n        <div  class=\"tb_text_wrap\">\n    <p>\u00a0<\/p><p><strong>\u00ab\u00a0Celui qui d\u00e9place une montagne commence par d\u00e9placer de petites pierres.\u00a0\u00bb<\/strong><\/p><p style=\"text-align: left;\"><em>Confuciu<\/em><em>s<\/em><\/p>    <\/div>\n<\/div>\n<!-- \/module text -->\t        <\/div>\n\t    \t<\/div>\n\t\t    <\/div>\n\t    <!-- \/row_inner -->\n\t<\/div>\n\t<!-- \/module_row -->\n\t\t<!-- module_row -->\n\t<div  data-lazy=\"1\" class=\"module_row themify_builder_row tb_2zna204 tf_clearfix\" >\n\t    \t\t<div class=\"row_inner col_align_top tf_box tf_w tf_rel\">\n\t\t\t<div  data-lazy=\"1\" class=\"module_column tb-column col-full first tb_77le208 tf_box\">\n\t\t\t    \t        <div class=\"tb-column-inner tf_box tf_w\">\n\t\t    <!-- module text -->\n<div  class=\"module module-text tb_6tuz208   \" data-lazy=\"1\">\n        <div  class=\"tb_text_wrap\">\n    <h1>BILAN DE COMP\u00c9TENCES<\/h1>    <\/div>\n<\/div>\n<!-- \/module text -->\t        <\/div>\n\t    \t<\/div>\n\t\t    <\/div>\n\t    <!-- \/row_inner -->\n\t<\/div>\n\t<!-- \/module_row -->\n\t\t<!-- module_row -->\n\t<div  data-lazy=\"1\" class=\"module_row themify_builder_row repeat tb_2byy863 tf_clearfix\" >\n\t    \t\t<div class=\"row_inner col_align_top tf_box tf_w tf_rel\">\n\t\t\t<div  data-lazy=\"1\" class=\"module_column tb-column col4-1 first tb_4bt8863 repeat tf_box\">\n\t\t\t    \t        <div class=\"tb-column-inner tf_box tf_w\">\n\t\t    <!-- module text -->\n<div  class=\"module module-text tb_a1cj863  repeat \" data-lazy=\"1\">\n        <div  class=\"tb_text_wrap\">\n    <h4>\u00a0<\/h4>\n<h4 style=\"color: #f99d33;\">En savoir +<\/h4>\n<ul>\n<li><strong><span style=\"color: #f99d33;\">Vous souhaitez plus d&rsquo;informations sur le bilan de comp\u00e9tences ?<\/span><\/strong><\/li>\n<li><strong><span style=\"color: #f99d33;\">N&rsquo;h\u00e9sitez pas \u00e0 nous contacter via notre <a href=\"https:\/\/marylineprouetconseil.com\/index.php\/contact\/\" target=\"_blank\" rel=\"noopener\">formulaire<\/a>, nous vous pr\u00e9senterons en d\u00e9tail notre accompagnement.<\/span><\/strong><\/li>\n<\/ul>\n<p>\u00a0<\/p>    <\/div>\n<\/div>\n<!-- \/module text -->\t        <\/div>\n\t    \t<\/div>\n\t\t<div  data-lazy=\"1\" class=\"module_column tb-column col4-3 last tb_xxm7864 tf_box\">\n\t\t\t    \t        <div class=\"tb-column-inner tf_box tf_w\">\n\t\t    <!-- module text -->\n<div  class=\"module module-text tb_rnn5864   \" data-lazy=\"1\">\n        <div  class=\"tb_text_wrap\">\n    <h2>l&rsquo;approche de mp coaching &#038; conseil<\/h2>    <\/div>\n<\/div>\n<!-- \/module text --><!-- module text -->\n<div  class=\"module module-text tb_h8cv864   \" data-lazy=\"1\">\n        <div  class=\"tb_text_wrap\">\n    <p><strong><span lang=\"FR-BE\">Le bilan de comp\u00e9tences s\u2019adresse \u00e0 toute personne d\u00e9sireuse :<\/span><\/strong><\/p>\n<ul>\n<li><span lang=\"FR-BE\">de se r\u00e9orienter professionnellement,<\/span><\/li>\n<li>d\u2019\u00e9voluer professionnellement,<\/li>\n<li><u><\/u>de v\u00e9rifier ou valider un projet professionnel.<\/li>\n<\/ul>\n<p><strong>Pour une entreprise, c\u2019est aussi l\u2019opportunit\u00e9 :<\/strong><\/p>\n<ul>\n<li>de mieux organiser sa gestion pr\u00e9visionnelle des emplois et des comp\u00e9tences,<\/li>\n<li>d\u2019encourager la gestion des carri\u00e8res et la mobilit\u00e9 professionnelle.<\/li>\n<\/ul>    <\/div>\n<\/div>\n<!-- \/module text -->\t        <\/div>\n\t    \t<\/div>\n\t\t    <\/div>\n\t    <!-- \/row_inner -->\n\t<\/div>\n\t<!-- \/module_row -->\n\t\t<!-- module_row -->\n\t<div  data-lazy=\"1\" class=\"module_row themify_builder_row tb_npiu204 tf_clearfix\">\n\t    \t\t<div class=\"row_inner col_align_top tf_box tf_w tf_rel\">\n\t\t\t<div  data-lazy=\"1\" class=\"module_column tb-column col4-1 first tb_uo2i983 repeat tf_box\">\n\t\t\t    \t        <div class=\"tb-column-inner tf_box tf_w\">\n\t\t    <!-- module image -->\n<div  class=\"module module-image tb_dq9i355   image-top tf_mw\" data-lazy=\"1\">\n        <div class=\"image-wrap tf_rel tf_mw\">\n\t\t    <img loading=\"lazy\" decoding=\"async\" width=\"684\" height=\"617\" src=\"https:\/\/marylineprouetconseil.com\/wp-content\/uploads\/2016\/04\/star2.jpg\" class=\"wp-post-image wp-image-5069\" title=\"cr\u00e9ativite coaching\" alt=\"cr\u00e9ativite coaching\" srcset=\"https:\/\/marylineprouetconseil.com\/wp-content\/uploads\/2016\/04\/star2.jpg 684w, https:\/\/marylineprouetconseil.com\/wp-content\/uploads\/2016\/04\/star2-300x271.jpg 300w\" sizes=\"auto, (max-width: 684px) 100vw, 684px\" \/>\t\n\t\t<\/div>\n\t<!-- \/image-wrap -->\n    \n    \t<\/div>\n<!-- \/module image -->\t        <\/div>\n\t    \t<\/div>\n\t\t<div  data-lazy=\"1\" class=\"module_column tb-column col4-3 last tb_zuzj604 repeat tf_box\">\n\t\t\t    \t        <div class=\"tb-column-inner tf_box tf_w\">\n\t\t    <!-- module text -->\n<div  class=\"module module-text tb_978d605  repeat \" data-lazy=\"1\">\n        <div  class=\"tb_text_wrap\">\n    <h2><span lang=\"FR-BE\">\u00a0Satisfaction globale des b\u00e9n\u00e9ficiaires<\/span>\u00a0<\/h2>    <\/div>\n<\/div>\n<!-- \/module text --><!-- module text -->\n<div  class=\"module module-text tb_zsgd605  repeat \" data-lazy=\"1\">\n        <div  class=\"tb_text_wrap\">\n    <h3 style=\"text-align: center;\"><span style=\"color: #ff6600;\">3.90\/4 avec une note de 9,30 sur 10*<\/span><\/h3>\n<p><em>*Moyenne des notes pour les bilans de comp\u00e9tences r\u00e9alis\u00e9s en 2023<\/em><\/p>\n<p style=\"text-align: center;\">Note moyenne des avis stagiaires sur MonCompteFormation : <strong>4.98\/5<\/strong><\/p>    <\/div>\n<\/div>\n<!-- \/module text -->\t        <\/div>\n\t    \t<\/div>\n\t\t    <\/div>\n\t    <!-- \/row_inner -->\n\t<\/div>\n\t<!-- \/module_row -->\n\t\t<!-- module_row -->\n\t<div  data-lazy=\"1\" class=\"module_row themify_builder_row tb_kkv187 tf_clearfix\" >\n\t    \t\t<div class=\"row_inner col_align_top tf_box tf_w tf_rel\">\n\t\t\t<div  data-lazy=\"1\" class=\"module_column tb-column col3-1 first tb_vzm988 tf_box\">\n\t\t\t    \t        <div class=\"tb-column-inner tf_box tf_w\">\n\t\t    <!-- module text -->\n<div  class=\"module module-text tb_ekj3808   \" data-lazy=\"1\">\n        <div  class=\"tb_text_wrap\">\n        <\/div>\n<\/div>\n<!-- \/module text --><!-- module text -->\n<div  class=\"module module-text tb_p0i1210   \" data-lazy=\"1\">\n        <div  class=\"tb_text_wrap\">\n        <\/div>\n<\/div>\n<!-- \/module text -->\t        <\/div>\n\t    \t<\/div>\n\t\t<div  data-lazy=\"1\" class=\"module_column tb-column col3-1 middle tb_yuou486 tf_box\">\n\t\t\t    \t        <div class=\"tb-column-inner tf_box tf_w\">\n\t\t    <!-- module text -->\n<div  class=\"module module-text tb_3ha2487   \" data-lazy=\"1\">\n        <div  class=\"tb_text_wrap\">\n    <h3 style=\"text-align: center;\"><span style=\"color: #993366;\">Financement<\/span><\/h3>    <\/div>\n<\/div>\n<!-- \/module text --><!-- module text -->\n<div  class=\"module module-text tb_0gk7487   \" data-lazy=\"1\">\n        <div  class=\"tb_text_wrap\">\n    <p>Par l\u2019employeur dans le cadre du plan de d\u00e9veloppement des comp\u00e9tences ou par le salari\u00e9 (ou demandeur d\u2019emploi) via son Compte Personnel de Formation.<\/p>\n<p>En savoir + sur le financement d&rsquo;un <a href=\"https:\/\/marylineprouetconseil.com\/wp-content\/uploads\/2021\/12\/Les-modes-de-financement-du-bilan-de-competences.pdf\" target=\"_blank\" rel=\"noopener\">bilan de comp\u00e9tences<\/a><\/p>    <\/div>\n<\/div>\n<!-- \/module text -->\t        <\/div>\n\t    \t<\/div>\n\t\t<div  data-lazy=\"1\" class=\"module_column tb-column col3-1 last tb_lx4x472 tf_box\">\n\t\t\t    \t        <div class=\"tb-column-inner tf_box tf_w\">\n\t\t    <!-- module text -->\n<div  class=\"module module-text tb_d1mb472   \" data-lazy=\"1\">\n        <div  class=\"tb_text_wrap\">\n    <h3 style=\"text-align: center;\"><span style=\"color: #ff6600;\">Dur\u00e9e<\/span><\/h3>    <\/div>\n<\/div>\n<!-- \/module text --><!-- module text -->\n<div  class=\"module module-text tb_k73a472   \" data-lazy=\"1\">\n        <div  class=\"tb_text_wrap\">\n    <p style=\"text-align: left;\">24 heures en pr\u00e9sentiel et\/ou en distanciel r\u00e9parties sur plusieurs semaines.<\/p>    <\/div>\n<\/div>\n<!-- \/module text -->\t        <\/div>\n\t    \t<\/div>\n\t\t    <\/div>\n\t    <!-- \/row_inner -->\n\t<\/div>\n\t<!-- \/module_row -->\n\t\t<!-- module_row -->\n\t<div  data-lazy=\"1\" class=\"module_row themify_builder_row tb_5fe2443 tf_clearfix\">\n\t    \t\t<div class=\"row_inner col_align_top tf_box tf_w tf_rel\">\n\t\t\t<div  data-lazy=\"1\" class=\"module_column tb-column col-full first tb_auhd443 tf_box\">\n\t\t\t    \t        <div class=\"tb-column-inner tf_box tf_w\">\n\t\t    <!-- module divider -->\n<div  class=\"module tf_mw module-divider tb_dwnm425 dotted  divider-custom divider-center\" style=\"border-width: 1px;border-color: #605ba8;margin-top: 50px;margin-bottom: 50px;width: 450px;\" data-lazy=\"1\">\n    <\/div>\n<!-- \/module divider -->\n\t        <\/div>\n\t    \t<\/div>\n\t\t    <\/div>\n\t    <!-- \/row_inner -->\n\t<\/div>\n\t<!-- \/module_row -->\n\t\t<!-- module_row -->\n\t<div  data-lazy=\"1\" class=\"module_row themify_builder_row tb_gqg9769 tf_clearfix\">\n\t    \t\t<div class=\"row_inner col_align_top tf_box tf_w tf_rel\">\n\t\t\t<div  data-lazy=\"1\" class=\"module_column tb-column col3-1 first tb_78h7770 tf_box\">\n\t\t\t    \t        <div class=\"tb-column-inner tf_box tf_w\">\n\t\t    <!-- module text -->\n<div  class=\"module module-text tb_jnu8107   \" data-lazy=\"1\">\n        <div  class=\"tb_text_wrap\">\n    <h3 style=\"text-align: center;\"><span style=\"color: #993366;\">Phases du bilan de comp\u00e9tences<\/span><\/h3>    <\/div>\n<\/div>\n<!-- \/module text --><!-- module text -->\n<div  class=\"module module-text tb_t6x7108   \" data-lazy=\"1\">\n        <div  class=\"tb_text_wrap\">\n    <p><strong>3 \u00e9tapes pour un bilan de comp\u00e9tences r\u00e9ussi :<\/strong><\/p>\n<ul>\n<li style=\"text-align: left;\"><strong>En amont du bilan<\/strong> : un entretien pr\u00e9alable gratuit et sans engagement pour comprendre votre situation et vous proposer une prestation adapt\u00e9e.<\/li>\n<li style=\"text-align: left;\"><strong>Durant le bilan<\/strong> : le d\u00e9roulement des 3 phases : pr\u00e9liminaire, d\u2019investigation et de conclusion (consulter la plaquette d\u2019information pour voir le d\u00e9tail).<\/li>\n<li style=\"text-align: left;\"><strong>A l\u2019issue du bilan<\/strong> : un entretien de suivi apr\u00e8s une p\u00e9riode de 6 mois \u00e0 1 an pour faire le point sur la mise en \u0153uvre du plan d\u2019actions.<\/li>\n<\/ul>    <\/div>\n<\/div>\n<!-- \/module text -->\t        <\/div>\n\t    \t<\/div>\n\t\t<div  data-lazy=\"1\" class=\"module_column tb-column col3-1 middle tb_wnd1770 tf_box\">\n\t\t\t    \t        <div class=\"tb-column-inner tf_box tf_w\">\n\t\t    <!-- module text -->\n<div  class=\"module module-text tb_rvgf108   \" data-lazy=\"1\">\n        <div  class=\"tb_text_wrap\">\n    <h3 style=\"text-align: center;\"><span style=\"color: #ff9900;\">Cadre l\u00e9gal<\/span><\/h3>    <\/div>\n<\/div>\n<!-- \/module text --><!-- module text -->\n<div  class=\"module module-text tb_rhqx108   \" data-lazy=\"1\">\n        <div  class=\"tb_text_wrap\">\n    <p>Le bilan de comp\u00e9tences a \u00e9t\u00e9 d\u00e9fini l\u00e9galement en 1991, par les articles R.6322-35, R.6322-36, R.6322-37 et R.6322-38 du code du travail.<\/p>\n<p>C\u2019est le Code du Travail qui r\u00e9git la loi sur le bilan de comp\u00e9tences et qui permet ainsi aux salari\u00e9s d\u2019obtenir une certaine protection ainsi qu\u2019un cadre juridique concernant ce service.<\/p>    <\/div>\n<\/div>\n<!-- \/module text -->\t        <\/div>\n\t    \t<\/div>\n\t\t<div  data-lazy=\"1\" class=\"module_column tb-column col3-1 last tb_hg0v770 tf_box\">\n\t\t\t    \t        <div class=\"tb-column-inner tf_box tf_w\">\n\t\t    <!-- module text -->\n<div  class=\"module module-text tb_li3v109   \" data-lazy=\"1\">\n        <div  class=\"tb_text_wrap\">\n    <h3 style=\"text-align: center;\"><span style=\"color: #ff6600;\">Les liens utiles<\/span><\/h3>    <\/div>\n<\/div>\n<!-- \/module text --><!-- module text -->\n<div  class=\"module module-text tb_94hb109   \" data-lazy=\"1\">\n        <div  class=\"tb_text_wrap\">\n    <p>Retrouvez les diff\u00e9rentes informations l\u00e9gales et sur l&rsquo;approche MP Coaching &amp; Conseil :<\/p>    <\/div>\n<\/div>\n<!-- \/module text --><!-- module text -->\n<div  class=\"module module-text tb_24ge135   \" data-lazy=\"1\">\n        <div  class=\"tb_text_wrap\">\n    <p><a href=\"https:\/\/marylineprouetconseil.com\/wp-content\/uploads\/2025\/02\/Certificat-Qualiopi-MPCC-2024-2027.pdf\" target=\"_blank\" rel=\"noopener\">Certificat Qualiopi MPCC\u00a0<\/a><br \/><a href=\"https:\/\/marylineprouetconseil.com\/wp-content\/uploads\/2025\/01\/Plaquette-information-BdC-MPCC-2025.pdf\" target=\"_blank\" rel=\"noopener\">Plaquette d&rsquo;information<\/a><br \/><a href=\"https:\/\/marylineprouetconseil.com\/wp-content\/uploads\/2024\/09\/Deroule-visuel-du-Bilan-de-Competences-MP-COACHING-CONSEIL.pdf\" target=\"_blank\" rel=\"noopener\">Processus d\u2019un Bilan de comp\u00e9tences<\/a>\u00a0<br \/><a href=\"https:\/\/marylineprouetconseil.com\/wp-content\/uploads\/2024\/09\/Les-modes-de-financement-du-bilan-de-competences.pdf\" target=\"_blank\" rel=\"noopener\">Les modes de Financement<\/a><br \/><a href=\"https:\/\/marylineprouetconseil.com\/wp-content\/uploads\/2021\/12\/Code-de-deontologie-et-charte-MP-COACHING-CONSEIL2021.pdf\" target=\"_blank\" rel=\"noopener\">Code d\u00e9ontologique et charte<\/a><br \/><a href=\"https:\/\/marylineprouetconseil.com\/wp-content\/uploads\/2024\/09\/Reglement-interieur-de-MP-COACHING-et-CONSEIL.pdf\" target=\"_blank\" rel=\"noopener\">R\u00e8glement int\u00e9rieur<\/a><br \/><a href=\"https:\/\/www.legifrance.gouv.fr\/codes\/id\/LEGISCTA000038014105\/\" target=\"_blank\" rel=\"noopener\">Cadre l\u00e9gal\u00a0<\/a>\u00a0<br \/><a href=\"https:\/\/marylineprouetconseil.com\/wp-content\/uploads\/2024\/09\/CGV-MP-COACHING-et-CONSEIL.pdf\" target=\"_blank\" rel=\"noopener\">CGV\u00a0<\/a><br \/><br \/><\/p>    <\/div>\n<\/div>\n<!-- \/module text -->\t        <\/div>\n\t    \t<\/div>\n\t\t    <\/div>\n\t    <!-- \/row_inner -->\n\t<\/div>\n\t<!-- \/module_row -->\n\t\t<!-- module_row -->\n\t<div  data-lazy=\"1\" class=\"module_row themify_builder_row tb_ow2n913 tf_clearfix\">\n\t    \t\t<div class=\"row_inner col_align_top tf_box tf_w tf_rel\">\n\t\t\t<div  data-lazy=\"1\" class=\"module_column tb-column col4-1 first tb_xtnn914 tf_box\">\n\t\t\t    \t<\/div>\n\t\t<div  data-lazy=\"1\" class=\"module_column tb-column col4-2 middle tb_4ksy855 tf_box\">\n\t\t\t    \t        <div class=\"tb-column-inner tf_box tf_w\">\n\t\t    <!-- module divider -->\n<div  class=\"module tf_mw module-divider tb_ts0q966 dotted   \" style=\"border-width: 1px;border-color: #ffffff;margin-top: 10px;margin-bottom: 10px;\" data-lazy=\"1\">\n    <\/div>\n<!-- \/module divider -->\n<!-- module image -->\n<div  class=\"module module-image tb_f911688   image-top auto_fullwidth tf_mw\" data-lazy=\"1\">\n        <div class=\"image-wrap tf_rel tf_mw\">\n\t\t    <a href=\"https:\/\/marylineprouetconseil.com\/wp-content\/uploads\/2025\/02\/Certificat-Qualiopi-MPCC-2024-2027.pdf\"\n\t        rel=\"noopener\" target=\"_blank\"\t       >\n\t\t   \t\t<img loading=\"lazy\" decoding=\"async\" width=\"874\" height=\"254\" src=\"https:\/\/marylineprouetconseil.com\/wp-content\/uploads\/2024\/09\/Bandeau-marque-illustrator-vMPCC_v4-170924.jpg\" class=\"wp-post-image wp-image-5757\" title=\"Bandeau-marque-illustrator-vMPCC_v4-170924\" alt=\"MPCC certifi\u00e9 qualiopi bilan de comp\u00e9tences\" srcset=\"https:\/\/marylineprouetconseil.com\/wp-content\/uploads\/2024\/09\/Bandeau-marque-illustrator-vMPCC_v4-170924.jpg 874w, https:\/\/marylineprouetconseil.com\/wp-content\/uploads\/2024\/09\/Bandeau-marque-illustrator-vMPCC_v4-170924-300x87.jpg 300w, https:\/\/marylineprouetconseil.com\/wp-content\/uploads\/2024\/09\/Bandeau-marque-illustrator-vMPCC_v4-170924-768x223.jpg 768w\" sizes=\"auto, (max-width: 874px) 100vw, 874px\" \/>\t    <\/a>\n\t\n\t\t<\/div>\n\t<!-- \/image-wrap -->\n    \n    \t<\/div>\n<!-- \/module image -->\t        <\/div>\n\t    \t<\/div>\n\t\t<div  data-lazy=\"1\" class=\"module_column tb-column col4-1 last tb_lei3855 tf_box\">\n\t\t\t    \t<\/div>\n\t\t    <\/div>\n\t    <!-- \/row_inner -->\n\t<\/div>\n\t<!-- \/module_row -->\n\t\t<!-- module_row -->\n\t<div  data-lazy=\"1\" class=\"module_row themify_builder_row tb_h56h794 tf_clearfix\">\n\t    \t\t<div class=\"row_inner col_align_top tf_box tf_w tf_rel\">\n\t\t\t<div  data-lazy=\"1\" class=\"module_column tb-column col-full first tb_s4jr795 tf_box\">\n\t\t\t    \t        <div class=\"tb-column-inner tf_box tf_w\">\n\t\t    \t<div  data-lazy=\"1\" class=\"module_subrow themify_builder_sub_row tb_7ssr718 tf_w tf_clearfix\">\n\t    \t\t<div class=\"subrow_inner col_align_top tf_box tf_w\">\n\t\t\t<div  data-lazy=\"1\" class=\"sub_column module_column tf_box col3-1 first tb_jms8719\"> \n\t    \t    \t<\/div>\n\t\t<div  data-lazy=\"1\" class=\"sub_column module_column tf_box col3-1 middle tb_vwrp719\"> \n\t    \t    \t        <div class=\"tb-column-inner tf_box tf_w\">\n\t\t    <!-- module image -->\n<div  class=\"module module-image tb_iuml132   image-top tf_mw\" data-lazy=\"1\">\n        <div class=\"image-wrap tf_rel tf_mw\">\n\t\t    \t\n\t\t<\/div>\n\t<!-- \/image-wrap -->\n    \n    \t<\/div>\n<!-- \/module image -->\t        <\/div>\n\t    \t<\/div>\n\t\t<div  data-lazy=\"1\" class=\"sub_column module_column tf_box col3-1 last tb_9869719\"> \n\t    \t    \t<\/div>\n\t\t    <\/div>\n\t<\/div><!-- \/themify_builder_sub_row -->\n\t\t        <\/div>\n\t    \t<\/div>\n\t\t    <\/div>\n\t    <!-- \/row_inner -->\n\t<\/div>\n\t<!-- \/module_row -->\n\t<\/div>\n<!--\/themify_builder_content-->","protected":false},"excerpt":{"rendered":"<p>\u00a0\u00ab\u00a0Celui qui d\u00e9place une montagne commence par d\u00e9placer de petites pierres.\u00a0\u00bbConfucius<\/p>\n","protected":false},"author":1,"featured_media":0,"parent":0,"menu_order":0,"comment_status":"closed","ping_status":"closed","template":"","meta":{"footnotes":""},"class_list":["post-5339","page","type-page","status-publish","hentry","has-post-title","has-post-date","has-post-category","has-post-tag","has-post-comment","has-post-author",""],"builder_content":"<p>\u00a0<\/p><p><strong>\"Celui qui d\u00e9place une montagne commence par d\u00e9placer de petites pierres.\"<\/strong><\/p><p style=\"text-align: left;\"><em>Confuciu<\/em><em>s<\/em><\/p>\n<h1>BILAN DE COMP\u00c9TENCES<\/h1>\n<h4>\u00a0<\/h4> <h4 style=\"color: #f99d33;\">En savoir +<\/h4> <ul> <li><strong>Vous souhaitez plus d'informations sur le bilan de comp\u00e9tences ?<\/strong><\/li> <li><strong>N'h\u00e9sitez pas \u00e0 nous contacter via notre <a href=\"https:\/\/marylineprouetconseil.com\/index.php\/contact\/\" target=\"_blank\" rel=\"noopener\">formulaire<\/a>, nous vous pr\u00e9senterons en d\u00e9tail notre accompagnement.<\/strong><\/li> <\/ul> <p>\u00a0<\/p>\n<h2>l'approche de mp coaching & conseil<\/h2>\n<p><strong>Le bilan de comp\u00e9tences s\u2019adresse \u00e0 toute personne d\u00e9sireuse :<\/strong><\/p> <ul> <li>de se r\u00e9orienter professionnellement,<\/li> <li>d\u2019\u00e9voluer professionnellement,<\/li> <li><u><\/u>de v\u00e9rifier ou valider un projet professionnel.<\/li> <\/ul> <p><strong>Pour une entreprise, c\u2019est aussi l\u2019opportunit\u00e9 :<\/strong><\/p> <ul> <li>de mieux organiser sa gestion pr\u00e9visionnelle des emplois et des comp\u00e9tences,<\/li> <li>d\u2019encourager la gestion des carri\u00e8res et la mobilit\u00e9 professionnelle.<\/li> <\/ul>\n<img loading=\"lazy\" decoding=\"async\" width=\"684\" height=\"617\" src=\"https:\/\/marylineprouetconseil.com\/wp-content\/uploads\/2016\/04\/star2.jpg\" title=\"cr\u00e9ativite coaching\" alt=\"cr\u00e9ativite coaching\" srcset=\"https:\/\/marylineprouetconseil.com\/wp-content\/uploads\/2016\/04\/star2.jpg 684w, https:\/\/marylineprouetconseil.com\/wp-content\/uploads\/2016\/04\/star2-300x271.jpg 300w\" sizes=\"auto, (max-width: 684px) 100vw, 684px\" \/>\n<h2>\u00a0Satisfaction globale des b\u00e9n\u00e9ficiaires\u00a0<\/h2>\n<h3 style=\"text-align: center;\">3.90\/4 avec une note de 9,30 sur 10*<\/h3> <p><em>*Moyenne des notes pour les bilans de comp\u00e9tences r\u00e9alis\u00e9s en 2023<\/em><\/p> <p style=\"text-align: center;\">Note moyenne des avis stagiaires sur MonCompteFormation : <strong>4.98\/5<\/strong><\/p>\n\n\n<h3 style=\"text-align: center;\">Financement<\/h3>\n<p>Par l\u2019employeur dans le cadre du plan de d\u00e9veloppement des comp\u00e9tences ou par le salari\u00e9 (ou demandeur d\u2019emploi) via son Compte Personnel de Formation.<\/p> <p>En savoir + sur le financement d'un <a href=\"https:\/\/marylineprouetconseil.com\/wp-content\/uploads\/2021\/12\/Les-modes-de-financement-du-bilan-de-competences.pdf\" target=\"_blank\" rel=\"noopener\">bilan de comp\u00e9tences<\/a><\/p>\n<h3 style=\"text-align: center;\">Dur\u00e9e<\/h3>\n<p style=\"text-align: left;\">24 heures en pr\u00e9sentiel et\/ou en distanciel r\u00e9parties sur plusieurs semaines.<\/p>\n\n<h3 style=\"text-align: center;\">Phases du bilan de comp\u00e9tences<\/h3>\n<p><strong>3 \u00e9tapes pour un bilan de comp\u00e9tences r\u00e9ussi :<\/strong><\/p> <ul> <li style=\"text-align: left;\"><strong>En amont du bilan<\/strong> : un entretien pr\u00e9alable gratuit et sans engagement pour comprendre votre situation et vous proposer une prestation adapt\u00e9e.<\/li> <li style=\"text-align: left;\"><strong>Durant le bilan<\/strong> : le d\u00e9roulement des 3 phases : pr\u00e9liminaire, d\u2019investigation et de conclusion (consulter la plaquette d\u2019information pour voir le d\u00e9tail).<\/li> <li style=\"text-align: left;\"><strong>A l\u2019issue du bilan<\/strong> : un entretien de suivi apr\u00e8s une p\u00e9riode de 6 mois \u00e0 1 an pour faire le point sur la mise en \u0153uvre du plan d\u2019actions.<\/li> <\/ul>\n<h3 style=\"text-align: center;\">Cadre l\u00e9gal<\/h3>\n<p>Le bilan de comp\u00e9tences a \u00e9t\u00e9 d\u00e9fini l\u00e9galement en 1991, par les articles R.6322-35, R.6322-36, R.6322-37 et R.6322-38 du code du travail.<\/p> <p>C\u2019est le Code du Travail qui r\u00e9git la loi sur le bilan de comp\u00e9tences et qui permet ainsi aux salari\u00e9s d\u2019obtenir une certaine protection ainsi qu\u2019un cadre juridique concernant ce service.<\/p>\n<h3 style=\"text-align: center;\">Les liens utiles<\/h3>\n<p>Retrouvez les diff\u00e9rentes informations l\u00e9gales et sur l'approche MP Coaching &amp; Conseil :<\/p>\n<p><a href=\"https:\/\/marylineprouetconseil.com\/wp-content\/uploads\/2025\/02\/Certificat-Qualiopi-MPCC-2024-2027.pdf\" target=\"_blank\" rel=\"noopener\">Certificat Qualiopi MPCC\u00a0<\/a><br \/><a href=\"https:\/\/marylineprouetconseil.com\/wp-content\/uploads\/2025\/01\/Plaquette-information-BdC-MPCC-2025.pdf\" target=\"_blank\" rel=\"noopener\">Plaquette d'information<\/a><br \/><a href=\"https:\/\/marylineprouetconseil.com\/wp-content\/uploads\/2024\/09\/Deroule-visuel-du-Bilan-de-Competences-MP-COACHING-CONSEIL.pdf\" target=\"_blank\" rel=\"noopener\">Processus d\u2019un Bilan de comp\u00e9tences<\/a>\u00a0<br \/><a href=\"https:\/\/marylineprouetconseil.com\/wp-content\/uploads\/2024\/09\/Les-modes-de-financement-du-bilan-de-competences.pdf\" target=\"_blank\" rel=\"noopener\">Les modes de Financement<\/a><br \/><a href=\"https:\/\/marylineprouetconseil.com\/wp-content\/uploads\/2021\/12\/Code-de-deontologie-et-charte-MP-COACHING-CONSEIL2021.pdf\" target=\"_blank\" rel=\"noopener\">Code d\u00e9ontologique et charte<\/a><br \/><a href=\"https:\/\/marylineprouetconseil.com\/wp-content\/uploads\/2024\/09\/Reglement-interieur-de-MP-COACHING-et-CONSEIL.pdf\" target=\"_blank\" rel=\"noopener\">R\u00e8glement int\u00e9rieur<\/a><br \/><a href=\"https:\/\/www.legifrance.gouv.fr\/codes\/id\/LEGISCTA000038014105\/\" target=\"_blank\" rel=\"noopener\">Cadre l\u00e9gal\u00a0<\/a>\u00a0<br \/><a href=\"https:\/\/marylineprouetconseil.com\/wp-content\/uploads\/2024\/09\/CGV-MP-COACHING-et-CONSEIL.pdf\" target=\"_blank\" rel=\"noopener\">CGV\u00a0<\/a><br \/><br \/><\/p>\n\n<a href=\"https:\/\/marylineprouetconseil.com\/wp-content\/uploads\/2025\/02\/Certificat-Qualiopi-MPCC-2024-2027.pdf\" rel=\"noopener\" target=\"_blank\" > <img loading=\"lazy\" decoding=\"async\" width=\"874\" height=\"254\" src=\"https:\/\/marylineprouetconseil.com\/wp-content\/uploads\/2024\/09\/Bandeau-marque-illustrator-vMPCC_v4-170924.jpg\" title=\"Bandeau-marque-illustrator-vMPCC_v4-170924\" alt=\"MPCC certifi\u00e9 qualiopi bilan de comp\u00e9tences\" srcset=\"https:\/\/marylineprouetconseil.com\/wp-content\/uploads\/2024\/09\/Bandeau-marque-illustrator-vMPCC_v4-170924.jpg 874w, https:\/\/marylineprouetconseil.com\/wp-content\/uploads\/2024\/09\/Bandeau-marque-illustrator-vMPCC_v4-170924-300x87.jpg 300w, https:\/\/marylineprouetconseil.com\/wp-content\/uploads\/2024\/09\/Bandeau-marque-illustrator-vMPCC_v4-170924-768x223.jpg 768w\" sizes=\"auto, (max-width: 874px) 100vw, 874px\" \/> <\/a>\n","_links":{"self":[{"href":"https:\/\/marylineprouetconseil.com\/index.php\/wp-json\/wp\/v2\/pages\/5339","targetHints":{"allow":["GET"]}}],"collection":[{"href":"https:\/\/marylineprouetconseil.com\/index.php\/wp-json\/wp\/v2\/pages"}],"about":[{"href":"https:\/\/marylineprouetconseil.com\/index.php\/wp-json\/wp\/v2\/types\/page"}],"author":[{"embeddable":true,"href":"https:\/\/marylineprouetconseil.com\/index.php\/wp-json\/wp\/v2\/users\/1"}],"replies":[{"embeddable":true,"href":"https:\/\/marylineprouetconseil.com\/index.php\/wp-json\/wp\/v2\/comments?post=5339"}],"version-history":[{"count":127,"href":"https:\/\/marylineprouetconseil.com\/index.php\/wp-json\/wp\/v2\/pages\/5339\/revisions"}],"predecessor-version":[{"id":5786,"href":"https:\/\/marylineprouetconseil.com\/index.php\/wp-json\/wp\/v2\/pages\/5339\/revisions\/5786"}],"wp:attachment":[{"href":"https:\/\/marylineprouetconseil.com\/index.php\/wp-json\/wp\/v2\/media?parent=5339"}],"curies":[{"name":"wp","href":"https:\/\/api.w.org\/{rel}","templated":true}]}}