{"id":5335,"date":"2016-04-26T19:24:50","date_gmt":"2016-04-26T18:24:50","guid":{"rendered":"http:\/\/marylineprouetconseil.com\/index.php\/home-copy\/"},"modified":"2021-11-28T15:54:03","modified_gmt":"2021-11-28T14:54:03","slug":"formation","status":"publish","type":"page","link":"https:\/\/marylineprouetconseil.com\/index.php\/formation\/","title":{"rendered":"FORMATION"},"content":{"rendered":"<!--themify_builder_content-->\n<div id=\"themify_builder_content-5335\" data-postid=\"5335\" class=\"themify_builder_content themify_builder_content-5335 themify_builder tf_clear\">\n                    <div  data-css_id=\"v7s1679\" data-lazy=\"1\" class=\"module_row themify_builder_row fullwidth_row_container tb_v7s1679 tb_first tf_w\">\n            <span  class=\"builder_row_cover tf_abs\" data-lazy=\"1\"><\/span>            <div class=\"row_inner col_align_top tb_col_count_1 tf_box tf_rel\">\n                        <div  data-lazy=\"1\" class=\"module_column tb-column col-full tb_vds9681 first\">\n                    <!-- module text -->\n<div  class=\"module module-text tb_hjx2682   \" data-lazy=\"1\">\n        <div  class=\"tb_text_wrap\">\n        <p>\u00a0<\/p><p><strong>\u00ab\u00a0Les choses ne changent pas, change ta fa\u00e7on de les voir, cela suffit.\u00a0\u00bb<\/strong><\/p><p style=\"text-align: left;\"><em>Lao Tseu<\/em><\/p>    <\/div>\n<\/div>\n<!-- \/module text -->        <\/div>\n                        <\/div>\n        <\/div>\n                        <div  data-lazy=\"1\" class=\"module_row themify_builder_row tb_ip7f679 tf_w\">\n                        <div class=\"row_inner col_align_top tb_col_count_1 tf_box tf_rel\">\n                        <div  data-lazy=\"1\" class=\"module_column tb-column col-full tb_t43u685 first\">\n                    <!-- module text -->\n<div  class=\"module module-text tb_f8qj685   \" data-lazy=\"1\">\n        <div  class=\"tb_text_wrap\">\n        <h1>Formation<\/h1>    <\/div>\n<\/div>\n<!-- \/module text -->        <\/div>\n                        <\/div>\n        <\/div>\n                        <div  data-lazy=\"1\" class=\"module_row themify_builder_row tb_4mny679 tf_w\">\n                        <div class=\"row_inner col_align_top tb_col_count_2 tf_box tf_rel\">\n                        <div  data-lazy=\"1\" class=\"module_column tb-column col4-1 tb_mdu3686 first\">\n                    <!-- module text -->\n<div  class=\"module module-text tb_rx9z686   \" data-lazy=\"1\">\n        <div  class=\"tb_text_wrap\">\n        <h4 style=\"color: #f99d33;\"><span style=\"color: #ff9900;\">Vous voulez :<\/span><\/h4><ul><li><span style=\"color: #f99d33;\"><strong>Mettre en place une p\u00e9dagogie ludique avec une animation stimulante\u00a0bas\u00e9e sur le plaisir de d\u00e9couvrir et d\u2019\u00e9changer en groupe\u00a0?<\/strong><\/span><\/li><li><span style=\"color: #f99d33;\"><strong>D\u00e9couvrir des m\u00e9thodes visuelles pour lib\u00e9rer votre cr\u00e9ativit\u00e9\u00a0?<\/strong><\/span><\/li><li><span style=\"color: #f99d33;\"><strong>Booster les apprentissages pour d\u00e9clencher le passage \u00e0 l\u2019action\u00a0?<\/strong><\/span><\/li><li><span style=\"color: #f99d33;\"><strong>Initier un parcours de formation individuel qui stimule l\u2019efficacit\u00e9 de vos \u00e9quipes\u00a0?<\/strong><\/span><\/li><\/ul>    <\/div>\n<\/div>\n<!-- \/module text -->        <\/div>\n                    <div  data-lazy=\"1\" class=\"module_column tb-column col4-3 tb_n2ta687 last\">\n                    <!-- module text -->\n<div  class=\"module module-text tb_b62o687   \" data-lazy=\"1\">\n        <div  class=\"tb_text_wrap\">\n        <h2>Mes domaines de comp\u00e9tences<\/h2>    <\/div>\n<\/div>\n<!-- \/module text --><!-- module text -->\n<div  class=\"module module-text tb_ma2r688   \" data-lazy=\"1\">\n        <div  class=\"tb_text_wrap\">\n        <p>J\u2019interviens dans <strong>tous les domaines de l\u2019efficacit\u00e9 personnelle et professionnelle<\/strong>\u00a0: management, motivation, cr\u00e9ativit\u00e9, gestion du temps, communication, n\u00e9gociation, gestion des \u00e9motions etc\u2026<\/p><p>Je n\u2019ai pas de catalogue de formation\u00a0: je con\u00e7ois et j\u2019anime des actions sur mesure pour mes clients.<\/p>    <\/div>\n<\/div>\n<!-- \/module text --><!-- module text -->\n<div  class=\"module module-text tb_jcmz688   \" data-lazy=\"1\">\n        <div  class=\"tb_text_wrap\">\n        <p style=\"text-align: center;\"><img loading=\"lazy\" decoding=\"async\" class=\"aligncenter wp-image-5054 size-medium\" src=\"http:\/\/marylineprouetconseil.com\/wp-content\/uploads\/2016\/03\/Cheval-MPCC-300x271.png\" alt=\"Cheval MPCC\" width=\"300\" height=\"271\" srcset=\"https:\/\/marylineprouetconseil.com\/wp-content\/uploads\/2016\/03\/Cheval-MPCC-300x271.png 300w, https:\/\/marylineprouetconseil.com\/wp-content\/uploads\/2016\/03\/Cheval-MPCC.png 744w\" sizes=\"auto, (max-width: 300px) 100vw, 300px\" \/><\/p>    <\/div>\n<\/div>\n<!-- \/module text --><!-- module text -->\n<div  class=\"module module-text tb_48sv689   \" data-lazy=\"1\">\n        <div  class=\"tb_text_wrap\">\n        <h2>Un partenaire pour booster votre d\u00e9marche individuelle ou collective<\/h2>    <\/div>\n<\/div>\n<!-- \/module text --><!-- module text -->\n<div  class=\"module module-text tb_mukw689   \" data-lazy=\"1\">\n        <div  class=\"tb_text_wrap\">\n        <p><strong><a href=\"https:\/\/marylineprouetconseil.com\/wp-content\/uploads\/2016\/04\/innership2.png\"><img loading=\"lazy\" decoding=\"async\" class=\"size-full wp-image-5074 alignleft\" src=\"https:\/\/marylineprouetconseil.com\/wp-content\/uploads\/2016\/04\/innership2.png\" alt=\"\" width=\"254\" height=\"43\" \/><\/a>\u00a0allie innovation p\u00e9dagogique et collaboration \u00e0 distance pour d\u00e9velopper votre leadership et vos comp\u00e9tences :<\/strong><\/p>    <\/div>\n<\/div>\n<!-- \/module text -->        <div  data-lazy=\"1\" class=\"module_subrow themify_builder_sub_row tf_w col_align_top tb_col_count_2 tb_h546690\">\n                <div  data-lazy=\"1\" class=\"module_column sub_column col4-2 tb_z34p690 first\">\n                    <!-- module text -->\n<div  class=\"module module-text tb_z3fl692   \" data-lazy=\"1\">\n        <div  class=\"tb_text_wrap\">\n        <p><strong>INNERSHIP<\/strong>\u00a0est une application multi-supports pour se mobiliser, initier et r\u00e9aliser un projet professionnel\u00a0ou aider les autres \u00e0 r\u00e9ussir\u00a0: <a href=\"https:\/\/innership.com\/\" target=\"_blank\" rel=\"noopener\">app.innership.com<\/a><\/p>\n<p>Dans une seule plateforme, vous trouverez :<\/p>\n<ul>\n<li>un <strong>espace structur\u00e9<\/strong> pour avancer sur vos projets professionnels<\/li>\n<li>les <strong>meilleures pratiques<\/strong> de d\u00e9veloppement personnel<\/li>\n<li>un cheminement <strong>continu et ludique<\/strong><\/li>\n<li>une collaboration active <strong>avec vos pairs, mentor, tuteur<\/strong><\/li>\n<\/ul>\n<p><strong>INNERSHIP<\/strong>\u00a0compl\u00e8te les dispositifs de formation et d\u00e9veloppement professionnel en offrant une gamme de parcours pr\u00e9d\u00e9finis (piloter un projet innovant, construire son projet professionnel\u2026)<\/p>    <\/div>\n<\/div>\n<!-- \/module text -->        <\/div>\n                    <div  data-lazy=\"1\" class=\"module_column sub_column col4-2 tb_uk4o691 last\">\n                    <!-- module accordion -->\n<div  class=\"module module-accordion tb_ah00694 \" data-behavior=\"toggle\" data-lazy=\"1\">\n    <h3 class=\"module-title\">T\u00c9MOIGNAGES<\/h3>\n    <ul class=\"ui module-accordion separate  orange\">\n            <li>\n            <div class=\"accordion-title tf_rel\">\n                <a href=\"#acc-ah00694-0\" class=\"tb_title_accordion\" aria-controls=\"acc-ah00694-0\" aria-expanded=\"false\">\n                                                            <span class=\"accordion-title-wrap\">Parcours : d\u00e9velopper la confiance en soi<\/span>                <\/a>\n            <\/div><!-- .accordion-title -->\n            <div id=\"acc-ah00694-0\" data-id=\"acc-ah00694-0\" aria-hidden=\"true\" class=\"accordion-content tf_hide tf_clearfix\">\n                                    <div class=\"tb_text_wrap\">\n                        <p><strong><span style=\"color: #993366;\">Dur\u00e9e\u00a0:<\/span> 5 x 1 h<\/strong><\/p>\n<blockquote>\n<p>La formation \u00ab confiance en soi \u00bb m\u2019a \u00e9norm\u00e9ment apport\u00e9 tant sur le plan professionnel que sur le plan personnel. J\u2019ai trouv\u00e9 une \u00e9coute quand j\u2019exposais mes probl\u00e8mes et la r\u00e9ponse m\u2019a aid\u00e9e \u00e0 modifier mes comportements pour pouvoir communiquer sereinement. Mes rapports avec mes coll\u00e8gues ont \u00e9volu\u00e9 et maintenant je peux travailler sans stress. En l\u2019espace de 3 mois cette formation a \u00e9t\u00e9 tr\u00e8s positive. Maryline m\u2019a aid\u00e9e \u00e0 prendre conscience des r\u00e9actions provoqu\u00e9es par mon manque de confiance et j\u2019arrive \u00e0 g\u00e9rer de mieux en mieux mes \u00e9motions.<\/p>\n<\/blockquote>\n<blockquote>\n<p><strong>ML \u2013 Employ\u00e9e T\u00e9l\u00e9communications<\/strong><\/p>\n<\/blockquote>\n<blockquote>\n<p>La formation \u00ab\u00a0confiance en soi\u00a0\u00bb coach\u00e9e par Maryline m\u2019a aid\u00e9 \u00e0 d\u00e9finir mes besoins et \u00e0 \u00e9tablir les diff\u00e9rents points \u00e0 am\u00e9liorer. Maryline a \u00e9t\u00e9 \u00e0 mon \u00e9coute tout au long du parcours, m\u2019a permis de prendre conscience de mon potentiel et de contr\u00f4ler mes appr\u00e9hensions face \u00e0 un auditoire. En conclusion, cette formation m\u2019a donn\u00e9 confiance en moi \u00e0 l\u2019aide de supports document\u00e9s et surtout de jeux de r\u00f4les t\u00e9l\u00e9phoniques.<br \/><strong>C.O \u2013 Responsable Informatique<\/strong><\/p>\n<\/blockquote>                    <\/div>\n                            <\/div><!-- .accordion-content -->\n        <\/li>\n            <li>\n            <div class=\"accordion-title tf_rel\">\n                <a href=\"#acc-ah00694-1\" class=\"tb_title_accordion\" aria-controls=\"acc-ah00694-1\" aria-expanded=\"false\">\n                                                            <span class=\"accordion-title-wrap\">Parcours : mieux utiliser son potentiel \u00e9motionnel<\/span>                <\/a>\n            <\/div><!-- .accordion-title -->\n            <div id=\"acc-ah00694-1\" data-id=\"acc-ah00694-1\" aria-hidden=\"true\" class=\"accordion-content tf_hide tf_clearfix\">\n                                    <div class=\"tb_text_wrap\">\n                        <p><strong><span style=\"color: #993366;\">Dur\u00e9e\u00a0:<\/span> 5 x 1 h<\/strong><\/p>\n<blockquote>\n<p>Mon objectif de trouver quelques outils rapides et pertinents pour traiter des probl\u00e9matiques relationnelles a pu \u00eatre trait\u00e9 gr\u00e2ce \u00e0 l\u2019\u00e9coute de Maryline et \u00e0 un accompagnement ad\u00e9quat. En p\u00e9riode de forte charge de travail, la mise en pratique m\u2019a permis de g\u00e9rer des situations sp\u00e9cifiques\u00a0: transf\u00e9rer une responsabilit\u00e9 manag\u00e9riale qui ne m\u2019incombait pas vers mon manager,\u00a0 sensibiliser un responsable projet \u00e0 une prise de conscience sur sa motivation, activer un r\u00e9seau pour qu\u2019un service soit acteur sur un besoin transmis depuis plus plusieurs mois.\u00a0 Formation\u00a0: mieux utiliser mon potentiel \u00e9motionnel. <br \/><strong>ST \u2013 Chef de projet marketing<\/strong><\/p>\n<\/blockquote>                    <\/div>\n                            <\/div><!-- .accordion-content -->\n        <\/li>\n            <li>\n            <div class=\"accordion-title tf_rel\">\n                <a href=\"#acc-ah00694-2\" class=\"tb_title_accordion\" aria-controls=\"acc-ah00694-2\" aria-expanded=\"false\">\n                                                            <span class=\"accordion-title-wrap\">Parcours : manager en situation non hi\u00e9rarchique<\/span>                <\/a>\n            <\/div><!-- .accordion-title -->\n            <div id=\"acc-ah00694-2\" data-id=\"acc-ah00694-2\" aria-hidden=\"true\" class=\"accordion-content tf_hide tf_clearfix\">\n                                    <div class=\"tb_text_wrap\">\n                        <p><strong><span style=\"color: #993366;\">Dur\u00e9e\u00a0:<\/span> 5 x 1 h<\/strong><\/p>\n<blockquote>\n<p>Ces 5 heures d\u2019\u00e9changes et de partage avec la formatrice sont incontestablement le \u00ab\u00a0plus\u00a0\u00bb de cette formation. Au fil des semaines j\u2019ai appr\u00e9ci\u00e9 l\u2019enthousiasme, l\u2019exp\u00e9rience et la connaissance de la vie en entreprise de Maryline\u00a0; Sa grande qualit\u00e9 d\u2019\u00e9coute &amp; sa justesse d\u2019analyse m\u2019ont permis de trouver la posture adapt\u00e9e \u00e0 mes probl\u00e9matiques atypiques. Maryline en 5 mots\u00a0? Enthousiasme, Rigueur, Humour, Ecoute, Partage.\u00a0 <br \/><strong>PP \u2013 Responsable Formation<\/strong><\/p>\n<\/blockquote>                    <\/div>\n                            <\/div><!-- .accordion-content -->\n        <\/li>\n        <\/ul>\n\n<\/div><!-- \/module accordion -->        <\/div>\n                    <\/div>\n                <div  data-lazy=\"1\" class=\"module_subrow themify_builder_sub_row tf_w col_align_top tb_col_count_2 tb_dbz3692\">\n                <div  data-lazy=\"1\" class=\"module_column sub_column col4-2 tb_nrim692 first\">\n                            <\/div>\n                    <div  data-lazy=\"1\" class=\"module_column sub_column col4-2 tb_n4sy693 last\">\n                            <\/div>\n                    <\/div>\n                <\/div>\n                        <\/div>\n        <\/div>\n        <\/div>\n<!--\/themify_builder_content-->","protected":false},"excerpt":{"rendered":"<p>\u00a0\u00ab\u00a0Les choses ne changent pas, change ta fa\u00e7on de les voir, cela suffit.\u00a0\u00bbLao Tseu<\/p>\n","protected":false},"author":1,"featured_media":0,"parent":0,"menu_order":0,"comment_status":"closed","ping_status":"closed","template":"","meta":{"footnotes":""},"class_list":["post-5335","page","type-page","status-publish","hentry","has-post-title","has-post-date","has-post-category","has-post-tag","has-post-comment","has-post-author",""],"builder_content":"<p>\u00a0<\/p><p><strong>\"Les choses ne changent pas, change ta fa\u00e7on de les voir, cela suffit.\"<\/strong><\/p><p style=\"text-align: left;\"><em>Lao Tseu<\/em><\/p>\n<h1>Formation<\/h1>\n<h4 style=\"color: #f99d33;\">Vous voulez :<\/h4><ul><li><strong>Mettre en place une p\u00e9dagogie ludique avec une animation stimulante\u00a0bas\u00e9e sur le plaisir de d\u00e9couvrir et d\u2019\u00e9changer en groupe\u00a0?<\/strong><\/li><li><strong>D\u00e9couvrir des m\u00e9thodes visuelles pour lib\u00e9rer votre cr\u00e9ativit\u00e9\u00a0?<\/strong><\/li><li><strong>Booster les apprentissages pour d\u00e9clencher le passage \u00e0 l\u2019action\u00a0?<\/strong><\/li><li><strong>Initier un parcours de formation individuel qui stimule l\u2019efficacit\u00e9 de vos \u00e9quipes\u00a0?<\/strong><\/li><\/ul>\n<h2>Mes domaines de comp\u00e9tences<\/h2>\n<p>J\u2019interviens dans <strong>tous les domaines de l\u2019efficacit\u00e9 personnelle et professionnelle<\/strong>\u00a0: management, motivation, cr\u00e9ativit\u00e9, gestion du temps, communication, n\u00e9gociation, gestion des \u00e9motions etc\u2026<\/p><p>Je n\u2019ai pas de catalogue de formation\u00a0: je con\u00e7ois et j\u2019anime des actions sur mesure pour mes clients.<\/p>\n<p style=\"text-align: center;\"><img loading=\"lazy\" decoding=\"async\" src=\"http:\/\/marylineprouetconseil.com\/wp-content\/uploads\/2016\/03\/Cheval-MPCC-300x271.png\" alt=\"Cheval MPCC\" width=\"300\" height=\"271\" srcset=\"https:\/\/marylineprouetconseil.com\/wp-content\/uploads\/2016\/03\/Cheval-MPCC-300x271.png 300w, https:\/\/marylineprouetconseil.com\/wp-content\/uploads\/2016\/03\/Cheval-MPCC.png 744w\" sizes=\"auto, (max-width: 300px) 100vw, 300px\" \/><\/p>\n<h2>Un partenaire pour booster votre d\u00e9marche individuelle ou collective<\/h2>\n<p><strong><a href=\"https:\/\/marylineprouetconseil.com\/wp-content\/uploads\/2016\/04\/innership2.png\"><img loading=\"lazy\" decoding=\"async\" src=\"https:\/\/marylineprouetconseil.com\/wp-content\/uploads\/2016\/04\/innership2.png\" alt=\"\" width=\"254\" height=\"43\" \/><\/a>\u00a0allie innovation p\u00e9dagogique et collaboration \u00e0 distance pour d\u00e9velopper votre leadership et vos comp\u00e9tences :<\/strong><\/p>\n<p><strong>INNERSHIP<\/strong>\u00a0est une application multi-supports pour se mobiliser, initier et r\u00e9aliser un projet professionnel\u00a0ou aider les autres \u00e0 r\u00e9ussir\u00a0: <a href=\"https:\/\/innership.com\/\" target=\"_blank\" rel=\"noopener\">app.innership.com<\/a><\/p> <p>Dans une seule plateforme, vous trouverez :<\/p> <ul> <li>un <strong>espace structur\u00e9<\/strong> pour avancer sur vos projets professionnels<\/li> <li>les <strong>meilleures pratiques<\/strong> de d\u00e9veloppement personnel<\/li> <li>un cheminement <strong>continu et ludique<\/strong><\/li> <li>une collaboration active <strong>avec vos pairs, mentor, tuteur<\/strong><\/li> <\/ul> <p><strong>INNERSHIP<\/strong>\u00a0compl\u00e8te les dispositifs de formation et d\u00e9veloppement professionnel en offrant une gamme de parcours pr\u00e9d\u00e9finis (piloter un projet innovant, construire son projet professionnel\u2026)<\/p>\n<h3>T\u00c9MOIGNAGES<\/h3><ul><li><h4>Parcours : d\u00e9velopper la confiance en soi<\/h4><p><strong>Dur\u00e9e\u00a0: 5 x 1 h<\/strong><\/p> <blockquote> <p>La formation \u00ab confiance en soi \u00bb m\u2019a \u00e9norm\u00e9ment apport\u00e9 tant sur le plan professionnel que sur le plan personnel. J\u2019ai trouv\u00e9 une \u00e9coute quand j\u2019exposais mes probl\u00e8mes et la r\u00e9ponse m\u2019a aid\u00e9e \u00e0 modifier mes comportements pour pouvoir communiquer sereinement. Mes rapports avec mes coll\u00e8gues ont \u00e9volu\u00e9 et maintenant je peux travailler sans stress. En l\u2019espace de 3 mois cette formation a \u00e9t\u00e9 tr\u00e8s positive. Maryline m\u2019a aid\u00e9e \u00e0 prendre conscience des r\u00e9actions provoqu\u00e9es par mon manque de confiance et j\u2019arrive \u00e0 g\u00e9rer de mieux en mieux mes \u00e9motions.<\/p> <\/blockquote> <blockquote> <p><strong>ML \u2013 Employ\u00e9e T\u00e9l\u00e9communications<\/strong><\/p> <\/blockquote> <blockquote> <p>La formation \u00ab\u00a0confiance en soi\u00a0\u00bb coach\u00e9e par Maryline m\u2019a aid\u00e9 \u00e0 d\u00e9finir mes besoins et \u00e0 \u00e9tablir les diff\u00e9rents points \u00e0 am\u00e9liorer. Maryline a \u00e9t\u00e9 \u00e0 mon \u00e9coute tout au long du parcours, m\u2019a permis de prendre conscience de mon potentiel et de contr\u00f4ler mes appr\u00e9hensions face \u00e0 un auditoire. En conclusion, cette formation m\u2019a donn\u00e9 confiance en moi \u00e0 l\u2019aide de supports document\u00e9s et surtout de jeux de r\u00f4les t\u00e9l\u00e9phoniques.<br \/><strong>C.O \u2013 Responsable Informatique<\/strong><\/p> <\/blockquote><\/li><li><h4>Parcours : mieux utiliser son potentiel \u00e9motionnel<\/h4><p><strong>Dur\u00e9e\u00a0: 5 x 1 h<\/strong><\/p> <blockquote> <p>Mon objectif de trouver quelques outils rapides et pertinents pour traiter des probl\u00e9matiques relationnelles a pu \u00eatre trait\u00e9 gr\u00e2ce \u00e0 l\u2019\u00e9coute de Maryline et \u00e0 un accompagnement ad\u00e9quat. En p\u00e9riode de forte charge de travail, la mise en pratique m\u2019a permis de g\u00e9rer des situations sp\u00e9cifiques\u00a0: transf\u00e9rer une responsabilit\u00e9 manag\u00e9riale qui ne m\u2019incombait pas vers mon manager,\u00a0 sensibiliser un responsable projet \u00e0 une prise de conscience sur sa motivation, activer un r\u00e9seau pour qu\u2019un service soit acteur sur un besoin transmis depuis plus plusieurs mois.\u00a0 Formation\u00a0: mieux utiliser mon potentiel \u00e9motionnel. <br \/><strong>ST \u2013 Chef de projet marketing<\/strong><\/p> <\/blockquote><\/li><li><h4>Parcours : manager en situation non hi\u00e9rarchique<\/h4><p><strong>Dur\u00e9e\u00a0: 5 x 1 h<\/strong><\/p> <blockquote> <p>Ces 5 heures d\u2019\u00e9changes et de partage avec la formatrice sont incontestablement le \u00ab\u00a0plus\u00a0\u00bb de cette formation. Au fil des semaines j\u2019ai appr\u00e9ci\u00e9 l\u2019enthousiasme, l\u2019exp\u00e9rience et la connaissance de la vie en entreprise de Maryline\u00a0; Sa grande qualit\u00e9 d\u2019\u00e9coute &amp; sa justesse d\u2019analyse m\u2019ont permis de trouver la posture adapt\u00e9e \u00e0 mes probl\u00e9matiques atypiques. Maryline en 5 mots\u00a0? Enthousiasme, Rigueur, Humour, Ecoute, Partage.\u00a0 <br \/><strong>PP \u2013 Responsable Formation<\/strong><\/p> <\/blockquote><\/li><\/ul>","_links":{"self":[{"href":"https:\/\/marylineprouetconseil.com\/index.php\/wp-json\/wp\/v2\/pages\/5335","targetHints":{"allow":["GET"]}}],"collection":[{"href":"https:\/\/marylineprouetconseil.com\/index.php\/wp-json\/wp\/v2\/pages"}],"about":[{"href":"https:\/\/marylineprouetconseil.com\/index.php\/wp-json\/wp\/v2\/types\/page"}],"author":[{"embeddable":true,"href":"https:\/\/marylineprouetconseil.com\/index.php\/wp-json\/wp\/v2\/users\/1"}],"replies":[{"embeddable":true,"href":"https:\/\/marylineprouetconseil.com\/index.php\/wp-json\/wp\/v2\/comments?post=5335"}],"version-history":[{"count":31,"href":"https:\/\/marylineprouetconseil.com\/index.php\/wp-json\/wp\/v2\/pages\/5335\/revisions"}],"predecessor-version":[{"id":5571,"href":"https:\/\/marylineprouetconseil.com\/index.php\/wp-json\/wp\/v2\/pages\/5335\/revisions\/5571"}],"wp:attachment":[{"href":"https:\/\/marylineprouetconseil.com\/index.php\/wp-json\/wp\/v2\/media?parent=5335"}],"curies":[{"name":"wp","href":"https:\/\/api.w.org\/{rel}","templated":true}]}}